{"id":241444,"date":"2022-10-28T15:09:20","date_gmt":"2022-10-28T15:09:20","guid":{"rendered":"https:\/\/bold-cartwright.3-19-126-172.plesk.page\/politica-de-privacidad\/"},"modified":"2022-12-19T16:18:04","modified_gmt":"2022-12-19T16:18:04","slug":"politica-de-privacidad","status":"publish","type":"page","link":"https:\/\/theletterfilm.org\/es\/politica-de-privacidad\/","title":{"rendered":"Pol\u00edtica de Privacidad"},"content":{"rendered":"&#13;\n<p>\u00a0<\/p>&#13;\n&#13;\n<p>Fecha de entrada en vigor: 21 de septiembre de 2022<\/p>&#13;\n&#13;\n<p>Este sitio web (el \u00ab<strong>sitio web<\/strong>\u00ab) es operado por el Movimiento Laudato Si&#8217; (el controlador de sus datos personales) (\u00ab<strong>nosotros<\/strong>\u00ab, \u00ab<strong>nos<\/strong>\u00bb y\/o \u00ab<strong>nuestro<\/strong>\u00ab) y ha sido creado para compartir informaci\u00f3n sobre la pel\u00edcula La Carta y materiales para apoyar las proyecciones con los visitantes del sitio web (\u00ab<strong>usted<\/strong>\u00bb o \u00ab<strong>su<\/strong>\u00ab).<\/p>&#13;\n&#13;\n<p><strong>Respetamos su privacidad y nos comprometemos a proteger cualquier dato que nos permita identificarle directa o indirectamente (\u00abDatos Personales\u00bb). Nuestra pol\u00edtica de privacidad describe los datos personales que recogemos sobre usted a trav\u00e9s de nuestro sitio web y c\u00f3mo se utilizan. Tambi\u00e9n explicamos c\u00f3mo procesamos sus Datos Personales, con qui\u00e9n los compartimos, c\u00f3mo los cuidamos y le informamos sobre sus derechos de privacidad y c\u00f3mo le protege la ley.<\/strong><\/p>&#13;\n&#13;\n<h2 class=\"wp-block-heading\">\u00cdNDICE<\/h2>&#13;\n\r\n<ol class=\"wp-block-list\">&#13;\n<li>General \/ Usuarios europeos<\/li>&#13;\n\r\n\r\n&#13;\n<li>\u00bfPor qu\u00e9 recopilamos sus datos personales?<\/li>&#13;\n\r\n\r\n&#13;\n<li>\u00bfQu\u00e9 datos personales recopilamos sobre usted?<\/li>&#13;\n\r\n\r\n&#13;\n<li>C\u00f3mo recopilamos sus Datos Personales<\/li>&#13;\n\r\n\r\n&#13;\n<li>Marketing<\/li>&#13;\n\r\n\r\n&#13;\n<li>Cu\u00e1ndo compartimos sus datos personales<\/li>&#13;\n\r\n\r\n&#13;\n<li>\u00bfC\u00f3mo protegemos sus datos personales?<\/li>&#13;\n\r\n\r\n&#13;\n<li>\u00bfTransferimos datos de forma transfronteriza?<\/li>&#13;\n\r\n\r\n&#13;\n<li>\u00bfDurante cu\u00e1nto tiempo utilizar\u00e1n mis datos personales?<\/li>&#13;\n\r\n\r\n&#13;\n<li>\u00bfCu\u00e1les son mis derechos legales con respecto a mis datos personales?<\/li>&#13;\n\r\n\r\n&#13;\n<li>\u00bfC\u00f3mo utiliza el sitio web las cookies? <\/li>&#13;\n\r\n\r\n&#13;\n<li>Enlaces a otros sitios web<\/li>&#13;\n\r\n\r\n&#13;\n<li>Actualizaci\u00f3n de la pol\u00edtica de privacidad<\/li>&#13;\n\r\n\r\n&#13;\n<li>T\u00e9rminos y condiciones<\/li>&#13;\n\r\n\r\n&#13;\n<li>Datos de contacto<\/li>&#13;\n<\/ol>\r\n&#13;\n<h2 class=\"wp-block-heading\">General \/ Usuarios europeos<\/h2>&#13;\n&#13;\n<p><br\/>Le animamos a que comparta voluntariamente sus datos personales con nosotros, porque s\u00f3lo construimos un movimiento global para proteger la creaci\u00f3n con el apoyo de personas como usted. Al utilizar nuestro sitio web, usted acepta que se recojan, utilicen y compartan sus datos personales tal y como se establece en esta Pol\u00edtica de Privacidad. Si no est\u00e1 de acuerdo con los t\u00e9rminos de esta Pol\u00edtica de Privacidad, no podr\u00e1 acceder ni utilizar el Sitio Web.<\/p>&#13;\n&#13;\n<p>Esta pol\u00edtica de privacidad tambi\u00e9n contiene informaci\u00f3n adicional que se aplica \u00fanicamente a los usuarios europeos. Los \u00ab<strong>usuarios europeos<\/strong>\u00bb son los usuarios individuales con sede en el Espacio Econ\u00f3mico Europeo, el Reino Unido y Suiza. Pueden aplicarse otras pol\u00edticas de privacidad, seg\u00fan se le notifique, si utiliza otros productos o servicios que proporcionamos.<\/p>&#13;\n&#13;\n<p>El Movimiento Laudato Si&#8217; es el responsable del tratamiento de datos a efectos del Reglamento General de Protecci\u00f3n de Datos de la UE (\u00ab<strong>GDPR<\/strong>\u00ab) y cualquier legislaci\u00f3n local pertinente. Hemos designado a un representante de la UE y a un responsable de la protecci\u00f3n de datos con el que se puede contactar utilizando los datos de contacto que figuran a continuaci\u00f3n (Datos de contacto). <\/p>&#13;\n&#13;\n<p><strong>Al utilizar el sitio web, usted acepta que recopilemos, utilicemos y compartamos sus datos personales tal y como se establece en las secciones pertinentes de esta pol\u00edtica de privacidad. Tambi\u00e9n reconoce que, al proporcionar sus datos personales a trav\u00e9s del sitio web, \u00e9stos se transfieren a nuestro personal en los Estados Unidos y \u00e9ste accede a ellos. Si no desea que sus Datos Personales se utilicen de la forma establecida en esta Pol\u00edtica de Privacidad o se transfieran a los Estados Unidos, no debe acceder ni utilizar el Sitio Web.<\/strong><\/p>&#13;\n&#13;\n<h2 class=\"wp-block-heading\">\u00bfPor qu\u00e9 recogemos sus Datos Personales y c\u00f3mo los utilizamos?<\/h2>&#13;\n&#13;\n<p>S\u00f3lo utilizamos los Datos Personales que nos proporciona de forma coherente con esta Pol\u00edtica de Privacidad y cuando la ley nos lo permite. Recogemos sus Datos Personales para los siguientes fines:<\/p>&#13;\n\r\n<ul class=\"wp-block-list\">&#13;\n<li>Para proporcionarle y mantener el sitio web y para administrar el sitio web (incluyendo la resoluci\u00f3n de problemas, el an\u00e1lisis de datos, las pruebas, el mantenimiento del sistema, la asistencia, los informes y el alojamiento de datos);<\/li>&#13;\n\r\n\r\n&#13;\n<li>Para comunicarnos con usted de forma efectiva y movilizar a nuestros miembros (incluyendo mostrarle campa\u00f1as y otros contenidos que probablemente le interesen);<\/li>&#13;\n\r\n\r\n&#13;\n<li>Para que la red del Movimiento Laudato Si&#8217; siga siendo pr\u00f3spera y eficaz y para ampliar nuestro alcance<\/li>&#13;\n<\/ul>\r\n&#13;\n<p> y trabajar juntos para animar a los l\u00edderes y a los gobiernos;<\/p>&#13;\n\r\n<ul class=\"wp-block-list\">&#13;\n<li>Para enviarle comunicaciones de marketing, campa\u00f1as, peticiones y recaudaci\u00f3n de fondos;<\/li>&#13;\n\r\n\r\n&#13;\n<li>Gestionar nuestra relaci\u00f3n con usted (por ejemplo, para responder a sus consultas, notificarle los cambios en nuestra Pol\u00edtica de Privacidad);<\/li>&#13;\n\r\n\r\n&#13;\n<li>Para mantener la seguridad del sitio web;<\/li>&#13;\n\r\n\r\n&#13;\n<li>Llevar a cabo investigaciones y an\u00e1lisis sobre los visitantes de nuestro sitio web y otros colaboradores para determinar el \u00e9xito de nuestro enfoque, campa\u00f1as, recursos y otras actividades de inter\u00e9s p\u00fablico y para ayudarnos a ofrecerle una mejor experiencia;<\/li>&#13;\n\r\n\r\n&#13;\n<li>Para personalizar el sitio web y ofrecerle contenidos y funciones que se ajusten a sus intereses;<\/li>&#13;\n\r\n\r\n&#13;\n<li>Proporcionar anuncios y controlar su eficacia; <\/li>&#13;\n\r\n\r\n&#13;\n<li>Para cumplir con nuestras obligaciones legales y reglamentarias y proteger nuestros intereses legales y comerciales; y<\/li>&#13;\n\r\n\r\n&#13;\n<li>Para cualquier otro prop\u00f3sito que se le notifique en el sitio web.<\/li>&#13;\n<\/ul>\r\n&#13;\n<p><em>Informaci\u00f3n adicional para usuarios europeos<\/em><\/p>&#13;\n&#13;\n<p>En el caso de los usuarios europeos, nos basamos en los siguientes fundamentos jur\u00eddicos para el tratamiento de sus datos personales:<\/p>&#13;\n&#13;\n<figure class=\"wp-block-table\">&#13;\n<table>&#13;\n<tbody>&#13;\n<tr>&#13;\n<td><strong>Finalidad del procesamiento<\/strong><\/td>&#13;\n<td><strong>Base legal para el tratamiento de sus datos personales<\/strong><\/td>&#13;\n<\/tr>&#13;\n<tr>&#13;\n<td><em>Proporcionarle y mantener el sitio web y administrarlo (incluyendo la resoluci\u00f3n de problemas, el an\u00e1lisis de datos, las pruebas, el mantenimiento del sistema, la asistencia, los informes y el alojamiento de datos)<\/em><\/td>&#13;\n<td>Nuestros intereses leg\u00edtimos para proporcionar y mantener el sitio web, mantener el contenido y las caracter\u00edsticas relevantes, mantener a los usuarios comprometidos con el sitio web y proporcionarle los servicios ofrecidos en nuestro sitio web.<\/td>&#13;\n<\/tr>&#13;\n<tr>&#13;\n<td><em>Para comunicarnos con usted de forma efectiva y movilizar a nuestros miembros (incluyendo mostrarle campa\u00f1as y otros contenidos que probablemente le interesen);<\/em><\/td>&#13;\n<td>Su consentimiento.<\/td>&#13;\n<\/tr>&#13;\n<tr>&#13;\n<td><em>Mantener la red del Movimiento Laudato Si&#8217; pr\u00f3spera y eficaz y ampliar nuestro alcance y trabajar juntos para animar a l\u00edderes y gobiernos;<\/em><\/td>&#13;\n<td>Nuestros intereses leg\u00edtimos para mantener y ampliar nuestra red.<\/td>&#13;\n<\/tr>&#13;\n<tr>&#13;\n<td><em>Para enviarle comunicaciones de marketing, campa\u00f1as, peticiones y recaudaci\u00f3n de fondos;<\/em><\/td>&#13;\n<td>Su consentimiento <\/td>&#13;\n<\/tr>&#13;\n<tr>&#13;\n<td><em>Gestionar nuestra relaci\u00f3n con usted (por ejemplo, para responder a sus consultas, notificarle los cambios en nuestra Pol\u00edtica de Privacidad);<\/em><\/td>&#13;\n<td>Cuando su consulta se refiera a un aspecto concreto de los servicios que le hemos prestado: para cumplir nuestro contrato con usted y prestarle esos servicios.<br\/>O bien, nuestros intereses leg\u00edtimos para responder a las consultas que se nos plantean y mantener el sitio web.<\/td>&#13;\n<\/tr>&#13;\n<tr>&#13;\n<td><em>Mantener la seguridad del sitio web<\/em><\/td>&#13;\n<td>Para cumplir con una obligaci\u00f3n legal o reglamentaria y\/o nuestros intereses leg\u00edtimos de garantizar la seguridad del sitio web, prevenir el fraude y crear y mantener un espacio positivo, seguro y amigable para la interacci\u00f3n de los usuarios.<\/td>&#13;\n<\/tr>&#13;\n<tr>&#13;\n<td><em>Llevar a cabo investigaciones y an\u00e1lisis sobre los visitantes de nuestro sitio web y otros colaboradores para determinar el \u00e9xito de nuestro enfoque, campa\u00f1as, recursos y otras actividades de inter\u00e9s p\u00fablico y para ayudarnos a ofrecerle una mejor experiencia<\/em><\/td>&#13;\n<td>Nuestros intereses leg\u00edtimos en el crecimiento de nuestras actividades, la informaci\u00f3n de las estrategias de marketing, la medici\u00f3n del impacto de nuestras iniciativas, y para asegurar que las comunicaciones son relevantes, oportunas y en el mejor inter\u00e9s de la misi\u00f3n del Movimiento Laudato Si&#8217;.<\/td>&#13;\n<\/tr>&#13;\n<tr>&#13;\n<td><em>Para personalizar el sitio web y ofrecerle contenidos y funciones que se ajusten a sus intereses;<\/em><\/td>&#13;\n<td>Nuestros intereses leg\u00edtimos para desarrollar el sitio web y mantener el contenido y las caracter\u00edsticas relevantes, manteniendo a los usuarios comprometidos con el sitio web.<br\/>En la medida en que esto implique el almacenamiento de informaci\u00f3n en su dispositivo, como las cookies u otras tecnolog\u00edas web similares, su consentimiento.<\/td>&#13;\n<\/tr>&#13;\n<tr>&#13;\n<td><em>Proporcionar anuncios y controlar su eficacia<\/em><\/td>&#13;\n<td>Nuestros intereses leg\u00edtimos en el crecimiento de nuestras actividades, la informaci\u00f3n de las estrategias de marketing y la definici\u00f3n de los tipos de clientes para nuevos productos y servicios.<\/td>&#13;\n<\/tr>&#13;\n<tr>&#13;\n<td><em>Cumplir con nuestras obligaciones legales y reglamentarias y proteger nuestros intereses legales y comerciales<\/em><\/td>&#13;\n<td>Para cumplir con una obligaci\u00f3n legal o reglamentaria y\/o nuestros intereses leg\u00edtimos en el cumplimiento eficiente de nuestros deberes legales y contractuales (incluso en jurisdicciones distintas a la de su residencia), la protecci\u00f3n de nuestra imagen organizativa y marca, la gesti\u00f3n de los riesgos legales y el cumplimiento de la normativa que se nos aplica.<\/td>&#13;\n<\/tr>&#13;\n<\/tbody>&#13;\n<\/table>&#13;\n<\/figure>&#13;\n&#13;\n<h2 class=\"wp-block-heading\">Cambio de finalidad<\/h2>&#13;\n&#13;\n<p>S\u00f3lo utilizaremos sus Datos Personales para los fines para los que los hemos recogido, a menos que consideremos razonablemente que necesitamos utilizarlos para otro motivo y que \u00e9ste sea compatible con la finalidad original. Si desea obtener una explicaci\u00f3n sobre c\u00f3mo el tratamiento para la nueva finalidad es compatible con la finalidad original, p\u00f3ngase en contacto con movie@laudatosimovement.org. Si necesitamos utilizar sus datos personales para una finalidad no relacionada, se lo notificaremos y le explicaremos la base jur\u00eddica que nos permite hacerlo. <\/p>&#13;\n&#13;\n<h2 class=\"wp-block-heading\">Datos Agregados <\/h2>&#13;\n&#13;\n<p>En un esfuerzo continuo por cumplir nuestra misi\u00f3n y comprender mejor a los visitantes del sitio web y juzgar la eficacia y el potencial de crecimiento de las campa\u00f1as, el Movimiento Laudato Si&#8217; puede llevar a cabo una investigaci\u00f3n sobre los datos demogr\u00e1ficos y los intereses de sus visitantes bas\u00e1ndose en los Datos Personales y otra informaci\u00f3n que se nos proporcione. Esta investigaci\u00f3n puede ser recopilada y analizada de forma agregada (\u00ab<strong>Datos agregados<\/strong>\u00ab), y el Movimiento Laudato Si&#8217; puede compartir esta informaci\u00f3n agregada con sus socios, afiliados y aliados. El Movimiento Laudato Si&#8217; tambi\u00e9n puede revelar estad\u00edsticas agregadas de visitantes para describir el tama\u00f1o, el alcance y la demograf\u00eda de su red (por ejemplo, para mostrarlas en los sitios web de la campa\u00f1a, anunciarlas en las redes sociales y proporcionarlas a los medios de comunicaci\u00f3n). Los datos agregados pueden derivarse de sus datos personales, pero no se consideran datos personales, ya que estos datos no revelan directa o indirectamente su identidad. Por ejemplo, podemos agregar sus Datos de Uso para calcular el porcentaje de usuarios que acceden a una funci\u00f3n espec\u00edfica del Sitio Web. Sin embargo, si combinamos o conectamos los Datos Agregados con sus Datos Personales de manera que puedan identificarle directa o indirectamente, tratamos los datos combinados como Datos Personales que se utilizar\u00e1n de acuerdo con esta Pol\u00edtica de Privacidad.<\/p>&#13;\n&#13;\n<h2 class=\"wp-block-heading\">\u00bfQu\u00e9 datos personales recopilamos sobre usted?<\/h2>&#13;\n&#13;\n<p>Recogemos, utilizamos, almacenamos y transferimos diferentes tipos de datos personales sobre usted que hemos agrupado de la siguiente manera:<\/p>&#13;\n\r\n<ul class=\"wp-block-list\">&#13;\n<li>Los <strong>Datos de Identidad<\/strong> incluyen el nombre, el apellido, el nombre de usuario o un identificador similar, el t\u00edtulo, la afiliaci\u00f3n religiosa y el n\u00famero de identificaci\u00f3n;<\/li>&#13;\n<\/ul>\r\n\r\n<ul class=\"wp-block-list\">&#13;\n<li>Los <strong>Datos de Contacto<\/strong> incluyen la direcci\u00f3n de correo electr\u00f3nico, los n\u00fameros de tel\u00e9fono, la ubicaci\u00f3n, el pa\u00eds y la preferencia de idioma;<\/li>&#13;\n<\/ul>\r\n\r\n<ul class=\"wp-block-list\">&#13;\n<li>Los <strong>Datos de Donaci\u00f3n<\/strong> incluyen detalles sobre sus donaciones, incluyendo la cantidad, la moneda y el m\u00e9todo de pago. No almacenamos la informaci\u00f3n de su tarjeta de cr\u00e9dito ni los datos bancarios, a excepci\u00f3n de los cuatro \u00faltimos d\u00edgitos de su tarjeta y la fecha de caducidad, que podemos utilizar para recordarle cuando su tarjeta est\u00e1 a punto de caducar;<\/li>&#13;\n<\/ul>\r\n\r\n<ul class=\"wp-block-list\">&#13;\n<li>Los <strong>datos t\u00e9cnicos<\/strong> incluyen la direcci\u00f3n del protocolo de Internet (IP), el tipo y la versi\u00f3n del navegador, la configuraci\u00f3n de la zona horaria y la ubicaci\u00f3n, los tipos y las versiones de los complementos del navegador, el sistema operativo y la plataforma, y otras tecnolog\u00edas de los dispositivos que utiliza para acceder al sitio web, junto con informaci\u00f3n sobre los propios dispositivos; <\/li>&#13;\n<\/ul>\r\n\r\n<ul class=\"wp-block-list\">&#13;\n<li>Los <strong>Datos del perfil<\/strong> incluyen su nombre de usuario y contrase\u00f1a, si ha creado una cuenta;<\/li>&#13;\n<\/ul>\r\n\r\n<ul class=\"wp-block-list\">&#13;\n<li>Los <strong>Datos de uso<\/strong> incluyen informaci\u00f3n sobre c\u00f3mo utiliza nuestro sitio web y tambi\u00e9n sobre c\u00f3mo se involucra con nuestro contenido (para m\u00e1s informaci\u00f3n, v\u00e9ase m\u00e1s abajo el apartado \u201cDatos relacionados con las actualizaciones y el seguimiento del correo electr\u00f3nico\u201d);<\/li>&#13;\n<\/ul>\r\n\r\n<ul class=\"wp-block-list\">&#13;\n<li>Los <strong>Datos de Correo<\/strong> incluyen los correos entre nosotros (incluyendo la fecha\/fecha del correo, el contenido del correo, el idioma del correo y las categor\u00edas de temas); y<\/li>&#13;\n<\/ul>\r\n\r\n<ul class=\"wp-block-list\">&#13;\n<li>Los <strong>Datos de Comunicaciones<\/strong> incluyen sus preferencias para recibir comunicaciones de marketing y, en su caso, su opci\u00f3n de recibir dichas comunicaciones.<\/li>&#13;\n<\/ul>\r\n&#13;\n<h2 class=\"wp-block-heading\">Tambi\u00e9n podemos recopilar:<\/h2>&#13;\n\r\n<ul class=\"wp-block-list\">&#13;\n<li>La autenticaci\u00f3n de terceros de los medios sociales u otros sitios en l\u00ednea (es decir, si actualmente est\u00e1 conectado a Facebook u otras cuentas de medios sociales);<\/li>&#13;\n<\/ul>\r\n\r\n<ul class=\"wp-block-list\">&#13;\n<li>Datos relacionados con las actualizaciones y el seguimiento del correo electr\u00f3nico: Si se inscribe para recibir actualizaciones del Movimiento Laudato Si&#8217;, nos esforzaremos por proporcionarle informaci\u00f3n precisa y oportuna sobre las actividades de nuestra campa\u00f1a. Con el fin de mejorar nuestro compromiso con nuestra red, podemos rastrear si los correos electr\u00f3nicos que le enviamos se abren, y otra informaci\u00f3n relacionada (como cu\u00e1ndo y si se hace clic en los enlaces que contienen los correos electr\u00f3nicos; si usted firma o comparte peticiones; y cu\u00e1les de las personas con las que comparti\u00f3 tambi\u00e9n pasan a firmar nuestras peticiones); e<\/li>&#13;\n<\/ul>\r\n\r\n<ul class=\"wp-block-list\">&#13;\n<li>Im\u00e1genes, fotograf\u00edas o v\u00eddeos que usted sube al sitio.<\/li>&#13;\n<\/ul>\r\n&#13;\n<p>Salvo que se describa lo contrario en esta Pol\u00edtica de Privacidad, no recogemos ninguna categor\u00eda especial de datos personales sobre usted. Esto incluye detalles sobre su raza o etnia, vida sexual, orientaci\u00f3n sexual, afiliaci\u00f3n sindical, informaci\u00f3n sobre su salud y datos gen\u00e9ticos y biom\u00e9tricos, ni recogemos ninguna informaci\u00f3n sobre condenas e infracciones penales, excepto cuando el tratamiento es requerido o permitido por la legislaci\u00f3n aplicable, o hemos obtenido su consentimiento expl\u00edcito previo.<\/p>&#13;\n&#13;\n<p>Tambi\u00e9n recopilamos, utilizamos y compartimos Datos Agregados (v\u00e9ase m\u00e1s arriba, en \u00ab\u00bfPor qu\u00e9 recopilamos sus Datos Personales y c\u00f3mo los utilizamos?\u00bb).<\/p>&#13;\n&#13;\n<h2 class=\"wp-block-heading\">Ni\u00f1os<\/h2>&#13;\n&#13;\n<p>Nuestro sitio web no est\u00e1 pensado ni dirigido a ni\u00f1os menores de 13 a\u00f1os, por lo que no recopilamos conscientemente Datos Personales de ning\u00fan menor de 13 a\u00f1os. Si usted es padre o tutor de un menor y cree que hemos recopilado, utilizado o divulgado dicha informaci\u00f3n, p\u00f3ngase en contacto con nosotros utilizando la informaci\u00f3n de contacto que aparece a continuaci\u00f3n. Si tenemos motivos para creer que alguien es menor de edad y que hemos recogido sus Datos Personales sin el debido consentimiento, eliminaremos esa informaci\u00f3n tan pronto como sea razonablemente posible. <\/p>&#13;\n&#13;\n<p><em>Informaci\u00f3n adicional para usuarios europeos <\/em><\/p>&#13;\n&#13;\n<p>Adicionalmente, podemos limitar la forma en que recogemos, utilizamos y almacenamos parte de la informaci\u00f3n de los usuarios europeos de entre 13 y 16 a\u00f1os. En algunos casos, esto significa que no podremos proporcionar ciertas funciones a estos usuarios. Si tenemos que basarnos en el consentimiento como base legal para procesar su informaci\u00f3n y su pa\u00eds requiere el consentimiento de uno de los padres, podemos requerir el consentimiento de sus padres antes de recopilar y utilizar esa informaci\u00f3n.<\/p>&#13;\n&#13;\n<h2 class=\"wp-block-heading\">C\u00f3mo recopilamos sus Datos Personales<\/h2>&#13;\n&#13;\n<p>Recopilamos datos personales directamente de usted cuando nos proporciona voluntariamente dicha informaci\u00f3n, por ejemplo, cuando:<\/p>&#13;\n\r\n<ul class=\"wp-block-list\">&#13;\n<li>se une a nosotros a trav\u00e9s de nuestro sitio web;<\/li>&#13;\n\r\n\r\n&#13;\n<li>se pone en contacto con nosotros para realizar consultas;<\/li>&#13;\n\r\n\r\n&#13;\n<li>se inscribe en un bolet\u00edn de noticias o en una lista de correo para recibir nuestros env\u00edos del movimiento;<\/li>&#13;\n\r\n\r\n&#13;\n<li>usted organiza un evento de proyecci\u00f3n;<\/li>&#13;\n\r\n\r\n&#13;\n<li>proporciona su nombre y direcci\u00f3n de correo electr\u00f3nico a una de nuestras organizaciones asociadas, con el fin de que puedan ser compartidos con nosotros;<\/li>&#13;\n\r\n\r\n&#13;\n<li>confirma su asistencia a un evento; o<\/li>&#13;\n\r\n\r\n&#13;\n<li>hace una donaci\u00f3n. <\/li>&#13;\n<\/ul>\r\n&#13;\n<p>Adem\u00e1s, tambi\u00e9n podemos recopilar sus Datos Personales a trav\u00e9s de terceros, como proveedores de an\u00e1lisis (como Google Analytics), proveedores de informaci\u00f3n de b\u00fasqueda o proveedores de servicios de an\u00e1lisis de marketing.<\/p>&#13;\n&#13;\n<h2 class=\"wp-block-heading\">Marketing<\/h2>&#13;\n&#13;\n<p>El Movimiento Laudato Si&#8217; no alquila, vende o intercambia datos personales con terceros, excepto cuando es necesario para procesar las transacciones, ni alquila, comparte, vende o intercambia informaci\u00f3n sobre las donaciones que los seguidores han realizado en nuestro sitio web con terceros.<\/p>&#13;\n&#13;\n<p>En cuanto a las comunicaciones de marketing, como los correos electr\u00f3nicos de recaudaci\u00f3n de fondos y campa\u00f1as, le proporcionaremos un mecanismo de \u00abinclusi\u00f3n\u00bb o \u00abexclusi\u00f3n\u00bb, dependiendo del lugar en el que se encuentre, cuando recopilemos sus datos personales. Un mecanismo de \u00abinclusi\u00f3n\u00bb le dar\u00e1 la oportunidad de indicar positivamente que desea recibir nuestras comunicaciones de marketing y no le enviaremos ninguna a menos que haya optado por la \u201cinclusi\u00f3n\u00bb. Un mecanismo de \u00abexclusi\u00f3n\u00bb (por ejemplo, \u00abcancelar la suscripci\u00f3n\u00bb) le dar\u00e1 la oportunidad de indicar que no quiere que le enviemos dichas comunicaciones, y si elige \u201cexclusi\u00f3n\u201d no le enviaremos ninguna.<\/p>&#13;\n&#13;\n<p>Puede optar por no recibir correos electr\u00f3nicos relacionados con el marketing haciendo clic en un enlace que aparece en la parte inferior de cada correo electr\u00f3nico, o poni\u00e9ndose en contacto con nosotros mediante los datos de contacto indicados anteriormente (Datos de contacto). Puede seguir recibiendo mensajes de correo electr\u00f3nico relacionados con el servicio y otros no relacionados con el marketing.<\/p>&#13;\n&#13;\n<p>Obtendremos su consentimiento expreso antes de compartir su informaci\u00f3n personal con terceros con fines de mercadeo.<\/p>&#13;\n&#13;\n<h2 class=\"wp-block-heading\">Cu\u00e1ndo y con qui\u00e9n compartimos sus datos personales<\/h2>&#13;\n&#13;\n<p>Existen ciertas circunstancias en las que compartimos sus Datos Personales con determinados terceros, como se indica a continuaci\u00f3n:<\/p>&#13;\n&#13;\n<h2 class=\"wp-block-heading\">Voluntarios del Movimiento Laudato Si&#8217; y anfitriones de eventos<\/h2>&#13;\n&#13;\n<p>Los voluntarios del Movimiento Laudato Si&#8217; o los organizadores de eventos pueden tener acceso a su informaci\u00f3n de contacto, incluyendo su nombre, direcci\u00f3n de correo electr\u00f3nico, n\u00famero de tel\u00e9fono e identificaci\u00f3n de cuentas de redes sociales, para ponerse en contacto con usted en relaci\u00f3n con una campa\u00f1a o evento espec\u00edfico. Pueden ponerse en contacto con usted directamente o a trav\u00e9s del Movimiento Laudato Si&#8217;.<\/p>&#13;\n&#13;\n<h2 class=\"wp-block-heading\">Asistentes a eventos del Movimiento Laudato Si&#8217;, participantes en cap\u00edtulos, voluntarios o interesados en eventos, cap\u00edtulos o voluntarios<\/h2>&#13;\n&#13;\n<p>Los miembros del p\u00fablico que deseen informaci\u00f3n sobre eventos, cap\u00edtulos o voluntarios pueden encontrar sus datos personales, incluyendo su nombre, direcci\u00f3n de correo electr\u00f3nico, idioma, comentarios personales, afiliaci\u00f3n institucional, direcci\u00f3n postal y ciudad, estado\/provincia y pa\u00eds de residencia a trav\u00e9s de hojas de c\u00e1lculo y mapas disponibles p\u00fablicamente en nuestro sitio web. Siempre le pediremos su consentimiento antes de compartir esta informaci\u00f3n, y puede solicitar su eliminaci\u00f3n en cualquier momento enviando un correo electr\u00f3nico a movie@laudatosimovement.org.<\/p>&#13;\n&#13;\n<h2 class=\"wp-block-heading\">Objetivos de las campa\u00f1as del Movimiento Laudato Si&#8217;<\/h2>&#13;\n&#13;\n<p>En el caso de las peticiones, las cartas al editor y las encuestas que usted haya firmado o rellenado voluntariamente, podemos transmitir su nombre, ciudad, estado y comentarios al destinatario. Cuando el destinatario sea un organismo gubernamental o un funcionario que requiera que los firmantes de la petici\u00f3n sean constituyentes, tambi\u00e9n podemos proporcionar su c\u00f3digo postal y su direcci\u00f3n completa. Por lo dem\u00e1s, no pondremos su direcci\u00f3n a disposici\u00f3n del p\u00fablico, pero podremos transmitirla a los destinatarios de la campa\u00f1a espec\u00edficamente indicados en la p\u00e1gina de acci\u00f3n.<\/p>&#13;\n&#13;\n<h2 class=\"wp-block-heading\">Creadores de peticiones del Movimiento Laudato Si&#8217;<\/h2>&#13;\n&#13;\n<p>Cuando firma una petici\u00f3n creada en el sitio web del Movimiento Laudato Si&#8217;, proporcionamos su nombre, ciudad y pa\u00eds al creador de la petici\u00f3n para que pueda entregarla al objetivo de la campa\u00f1a (v\u00e9ase m\u00e1s arriba).<\/p>&#13;\n&#13;\n<h2 class=\"wp-block-heading\">Agentes, Consultores y Terceros Relacionados<\/h2>&#13;\n&#13;\n<p>En ocasiones, el Movimiento Laudato Si&#8217; contrata a proveedores de servicios y otras empresas para que realicen determinadas funciones en nuestro nombre. Algunos ejemplos de estas funciones son el env\u00edo de informaci\u00f3n por correo, el mantenimiento de bases de datos, las redes sociales, los servicios de computaci\u00f3n en la nube y el procesamiento de pagos. Cuando contratamos a otra empresa para que realice una funci\u00f3n de esta naturaleza, tomamos precauciones para proporcionarles \u00fanicamente la informaci\u00f3n que necesitan para realizar su funci\u00f3n espec\u00edfica. <\/p>&#13;\n&#13;\n<p>Si usted vincula su cuenta con un servicio de terceros, compartimos la informaci\u00f3n que usted autoriza con ese servicio de terceros. Si inicia sesi\u00f3n en el sitio web a trav\u00e9s de Facebook, Facebook recopila directamente informaci\u00f3n sobre su uso del sitio web. Tambi\u00e9n ofrecemos funciones de intercambio social que le permiten compartir con otros medios el contenido o las acciones que realiza en nuestro sitio web. El uso de estas funciones permite compartir cierta informaci\u00f3n con sus amigos o con el p\u00fablico, dependiendo de la configuraci\u00f3n que establezca con el tercero que proporciona la funci\u00f3n de compartir en redes sociales. Para obtener m\u00e1s informaci\u00f3n al respecto, consulte la secci\u00f3n \u00bb Redes sociales \u00bb m\u00e1s adelante. <\/p>&#13;\n&#13;\n<p><br\/>Si usted es residente de California, puede tener derecho a conocer informaci\u00f3n adicional sobre su informaci\u00f3n personal recopilada a trav\u00e9s de este sitio web. Los residentes de California que tengan una relaci\u00f3n comercial establecida con nosotros pueden solicitar y obtener informaci\u00f3n, de forma gratuita y con car\u00e1cter anual, sobre los datos personales que hayamos compartido con otras empresas para su propio uso de marketing directo durante el a\u00f1o calendario anterior (seg\u00fan lo dispuesto en la \u201cShine the Light Law\u201d de California). Si procede, esta informaci\u00f3n incluir\u00eda una lista de las categor\u00edas de datos personales compartidos con terceros y los nombres y direcciones de todos los terceros con los que compartimos esta informaci\u00f3n en el a\u00f1o calendario inmediatamente anterior. Para obtener esta informaci\u00f3n, escr\u00edbanos utilizando la informaci\u00f3n de contacto que aparece a continuaci\u00f3n, indicando \u201cCalifornia Shine the Light Privacy Request\u201d en la l\u00ednea de asunto, as\u00ed como en el cuerpo de su mensaje. Le responderemos a su direcci\u00f3n postal con la informaci\u00f3n solicitada.<\/p>&#13;\n&#13;\n<h2 class=\"wp-block-heading\">Procesadores de pago<\/h2>&#13;\n&#13;\n<p>Trabajamos con Stripe para ayudar a procesar las donaciones y las transacciones con tarjeta de cr\u00e9dito y otros m\u00e9todos de pago cuando usted cuando usted dona al Movimiento Laudato Si&#8217;. Estos procesadores de pagos almacenar\u00e1n ciertos datos personales sobre usted. Por favor, consulte sus pol\u00edticas de privacidad para saber m\u00e1s sobre c\u00f3mo utilizan y procesan sus Datos Personales.<\/p>&#13;\n&#13;\n<h2 class=\"wp-block-heading\">Requisitos Legales<\/h2>&#13;\n&#13;\n<p>Podremos revelar sus Datos Personales si as\u00ed lo exige la legislaci\u00f3n aplicable (incluyendo, sin limitaci\u00f3n, cualquier ley electoral) o si creemos de buena fe que dicha acci\u00f3n es necesaria para (i) cumplir con una obligaci\u00f3n legal, (ii) proteger y defender los derechos o la propiedad del Movimiento Laudato Si&#8217;, (iii) actuar en circunstancias urgentes para proteger la seguridad personal de los visitantes del sitio web o del p\u00fablico, o (iv) proteger contra la responsabilidad legal.<\/p>&#13;\n&#13;\n<p>Transacciones Comerciales<\/p>&#13;\n&#13;\n<p>En relaci\u00f3n con una transacci\u00f3n comercial en curso o propuesta (como la transferencia de la propiedad y el funcionamiento del MLS), podemos transferir su informaci\u00f3n a una organizaci\u00f3n sucesora o potencialmente sucesora. Si se produce dicha transferencia, el uso que la organizaci\u00f3n sucesora haga de su informaci\u00f3n recopilada a trav\u00e9s de este sitio web seguir\u00e1 estando sujeto a esta pol\u00edtica de privacidad y a las preferencias de privacidad que nos haya expresado.<\/p>&#13;\n&#13;\n<h2 class=\"wp-block-heading\">Redes Sociales<\/h2>&#13;\n&#13;\n<p>A trav\u00e9s del sitio web, puede optar por acceder a determinados sitios web y servicios de redes sociales que son propiedad de terceros y est\u00e1n controlados por ellos (por ejemplo, Facebook y Twitter) (los \u201c<strong>servicios de redes sociales<\/strong>\u201c). Cuando decida acceder y utilizar los Servicios de Redes Sociales, estar\u00e1 compartiendo su informaci\u00f3n (que incluir\u00e1 sus Datos Personales si decide compartir dicha informaci\u00f3n) con dichos Servicios de Redes Sociales. Al igual que con otros Sitios de Terceros, la informaci\u00f3n que comparta con los Servicios de Redes Sociales se regir\u00e1 por las pol\u00edticas de privacidad y las condiciones de servicio de los proveedores de dichos Servicios de Redes Sociales y no por las pol\u00edticas y procedimientos que describimos aqu\u00ed.<\/p>&#13;\n&#13;\n<p><br\/>Podemos utilizar su direcci\u00f3n de correo electr\u00f3nico y su ID de Facebook para participar en los programas Custom Audience y Lookalike Audience de Facebook, que nos permiten mostrar promociones de campa\u00f1as tanto a los miembros actuales como a los potenciales cuando los visitan.<\/p>&#13;\n&#13;\n<p><br\/>Para ello, primero enviamos una \u00abhuella digital\u00bb de tu direcci\u00f3n de correo electr\u00f3nico a Facebook; no enviamos tu direcci\u00f3n de correo electr\u00f3nico real, sino un dato criptogr\u00e1fico que Facebook puede utilizar para encontrar coincidencias con las direcciones de correo electr\u00f3nico de su base de datos. Si no eres usuario de Facebook, o si la direcci\u00f3n de correo electr\u00f3nico que utilizas en el Movimiento Laudato Si&#8217; no es la que usas con tu cuenta de Facebook, no habr\u00e1 ninguna coincidencia, y Facebook no recibir\u00e1 ninguna informaci\u00f3n que pueda utilizar para identificarte o dirigirte de alguna manera. Si eres un usuario de Facebook y tu direcci\u00f3n de correo electr\u00f3nico del Movimiento Laudato Si&#8217; coincide con tu direcci\u00f3n de correo electr\u00f3nico de Facebook, las promociones de las campa\u00f1as del Movimiento Laudato Si&#8217; pueden aparecer cuando accedas a Facebook.<\/p>&#13;\n&#13;\n<p><br\/>Facebook elimina esta informaci\u00f3n (a) si no coincide con una cuenta de Facebook o (b) despu\u00e9s de confirmar que eres el titular de una cuenta registrada. Para obtener informaci\u00f3n m\u00e1s detallada sobre c\u00f3mo Facebook utiliza las huellas digitales -tambi\u00e9n conocidas como hash criptogr\u00e1fico- y su capacidad para excluirse de este programa, consulte<br\/>https:\/\/www.facebook.com\/business\/help\/112061095610075 y la pol\u00edtica de datos de Facebook en <a href=\"https:\/\/en-gb.facebook.com\/policy.php\">https:\/\/en-gb.facebook.com\/policy.php.<\/a><\/p>&#13;\n&#13;\n<h2 class=\"wp-block-heading\">\u00bfC\u00f3mo mantenemos su Informaci\u00f3n Personal segura?<\/h2>&#13;\n&#13;\n<p>El Movimiento Laudato Si&#8217; hace grandes esfuerzos para proteger los Datos Personales proporcionados a trav\u00e9s del Sitio Web contra la p\u00e9rdida, el mal uso y el acceso no autorizado, la divulgaci\u00f3n, la alteraci\u00f3n o la destrucci\u00f3n. Hemos establecido medidas de seguridad t\u00e9cnicas y organizativas para proteger la confidencialidad, integridad y disponibilidad de sus Datos Personales. Adem\u00e1s, limitamos el acceso a sus Datos Personales a aquellos empleados, agentes, contratistas y otras terceras partes que tienen una necesidad organizativa de saber. S\u00f3lo tratar\u00e1n sus Datos Personales siguiendo nuestras instrucciones, y est\u00e1n sujetos a un deber de confidencialidad.<\/p>&#13;\n&#13;\n<p>Sin embargo, ninguna transmisi\u00f3n por Internet o por correo electr\u00f3nico es totalmente segura o est\u00e1 libre de errores. En particular, el correo electr\u00f3nico enviado a o desde el sitio web puede no ser seguro. Por lo tanto, debe tener especial cuidado a la hora de decidir qu\u00e9 informaci\u00f3n nos env\u00eda por correo electr\u00f3nico o nos proporciona de otra manera a trav\u00e9s de este sitio web.<br\/>El Movimiento Laudato Si&#8217; tambi\u00e9n se esfuerza por garantizar, junto con su procesador de pagos, la recogida y transmisi\u00f3n seguras de la informaci\u00f3n de pago sensible de los visitantes utilizando metodolog\u00edas de recogida y encriptaci\u00f3n de datos aceptadas por la industria. Si decide hacer un donativo al Movimiento Laudato Si&#8217;, la informaci\u00f3n de su tarjeta de cr\u00e9dito se utilizar\u00e1 \u00fanicamente para las transacciones a trav\u00e9s de nuestro sistema de pago seguro en l\u00ednea. Si decide hacer esa donaci\u00f3n de forma recurrente, la informaci\u00f3n ser\u00e1 almacenada por nuestros procesadores de pago de terceros y no es almacenada ni vista por el Movimiento Laudato Si&#8217;. El Movimiento Laudato Si&#8217; no vende ni divulga la informaci\u00f3n de pago de los visitantes fuera de la organizaci\u00f3n.<\/p>&#13;\n&#13;\n<h2 class=\"wp-block-heading\">\u00bfTransferimos datos de forma transfronteriza?<\/h2>&#13;\n&#13;\n<p>El Movimiento Laudato Si&#8217; tiene una red global con miembros y personal en todo el mundo, por lo que sus datos personales pueden ser transferidos y almacenados a trav\u00e9s de las fronteras. Al utilizar el sitio web, usted acepta el tratamiento, la transferencia y el almacenamiento de su informaci\u00f3n en los Estados Unidos y en otros pa\u00edses, en los que es posible que no tenga los mismos derechos que en su legislaci\u00f3n local. Procesaremos sus Datos Personales de acuerdo con la legislaci\u00f3n aplicable y con esta Pol\u00edtica de Privacidad, independientemente del lugar donde se almacenen sus Datos Personales o se acceda a ellos.<\/p>&#13;\n&#13;\n<p>Al proporcionar sus Datos Personales a trav\u00e9s de los Servicios, usted reconoce que sus Datos Personales son transferidos y accedidos por nuestro personal en los Estados Unidos.<\/p>&#13;\n&#13;\n<p><em>Informaci\u00f3n adicional para usuarios europeos <\/em><\/p>&#13;\n&#13;\n<p>Cuando nuestros proveedores de servicios u otros terceros (identificados anteriormente) con sede fuera del Espacio Econ\u00f3mico Europeo o del Reino Unido reciban informaci\u00f3n personal, nos aseguramos de que la transferencia sea (a) a un pa\u00eds que la Comisi\u00f3n Europea, el Reino Unido o Suiza consideren que ofrece un nivel de protecci\u00f3n adecuado o (b) en virtud de contratos espec\u00edficos aprobados por la Comisi\u00f3n Europea o el regulador local correspondiente. P\u00f3ngase en contacto con nosotros si desea obtener m\u00e1s informaci\u00f3n sobre el mecanismo espec\u00edfico que utilizamos al transferir sus datos personales fuera del EEE, el Reino Unido o Suiza.<\/p>&#13;\n&#13;\n<h2 class=\"wp-block-heading\">\u00bfDurante cu\u00e1nto tiempo utilizar\u00e1n mis datos personales?<\/h2>&#13;\n&#13;\n<p>S\u00f3lo conservaremos sus Datos Personales durante el tiempo necesario para cumplir con los fines para los que los hemos recogido, incluidos los fines de satisfacer cualquier requisito legal, contable o de informaci\u00f3n. Para determinar el periodo de conservaci\u00f3n adecuado para los Datos Personales, tenemos en cuenta la cantidad, la naturaleza y la sensibilidad de los Datos Personales, el riesgo potencial de da\u00f1o por el uso o la divulgaci\u00f3n no autorizados de sus Datos Personales, los fines para los que procesamos sus Datos Personales y si podemos lograr esos fines por otros medios, as\u00ed como los requisitos legales aplicables.<br\/>Muchas de nuestras actividades relacionadas con los datos se centran en comprender nuestros intentos de captaci\u00f3n y en averiguar qu\u00e9 seguidores son los m\u00e1s activos y han estado activos durante m\u00e1s tiempo. Esto nos permite saber si estamos proporcionando a nuestros simpatizantes ocasiones oportunas y atractivas para emprender acciones significativas sobre los temas que les preocupan. Tendremos en cuenta estas consideraciones a la hora de determinar el periodo de almacenamiento adecuado, incluyendo el uso y la aplicaci\u00f3n de m\u00e9tricas y herramientas de datos para considerar el compromiso de los simpatizantes y para observar la trayectoria de los simpatizantes comprometidos a lo largo del tiempo. Para obtener m\u00e1s informaci\u00f3n sobre los periodos de almacenamiento de los distintos aspectos de sus datos personales, env\u00ede un correo electr\u00f3nico a movie@laudatosimovement.org.<\/p>&#13;\n&#13;\n<p>Revisamos continuamente la informaci\u00f3n que tenemos y eliminamos los datos personales que ya no son necesarios.<\/p>&#13;\n&#13;\n<h2 class=\"wp-block-heading\">\u00bfCu\u00e1les son mis derechos legales con respecto a mis Datos Personales?<\/h2>&#13;\n&#13;\n<p>Cumpliremos con los derechos que le otorga la legislaci\u00f3n aplicable. Adem\u00e1s, si tiene una cuenta con nosotros, puede revisar y modificar sus Datos Personales accediendo a su cuenta y visitando la p\u00e1gina del perfil de su cuenta.<\/p>&#13;\n&#13;\n<p>Tambi\u00e9n puede enviarnos un correo electr\u00f3nico a movie@laudatosimovement.org<br\/> para solicitar el acceso, la correcci\u00f3n o la eliminaci\u00f3n de cualquier dato personal que nos haya proporcionado. Es posible que no atendamos una solicitud de cambio de informaci\u00f3n si creemos que el cambio infringir\u00eda alguna ley o requisito legal o har\u00eda que la informaci\u00f3n fuera incorrecta.<\/p>&#13;\n&#13;\n<p><em>Informaci\u00f3n adicional para usuarios europeos <\/em><\/p>&#13;\n&#13;\n<p>Si usted es un usuario europeo, tiene los siguientes derechos en relaci\u00f3n con sus Datos Personales, a menos que la legislaci\u00f3n local pertinente disponga otra cosa:<\/p>&#13;\n\r\n<ul class=\"wp-block-list\">&#13;\n<li>Solicitar el acceso a sus Datos Personales;<\/li>&#13;\n\r\n\r\n&#13;\n<li>Solicitar la correcci\u00f3n de sus Datos Personales;<\/li>&#13;\n\r\n\r\n&#13;\n<li>\u00b7 Solicitar la eliminaci\u00f3n de sus datos personales;<\/li>&#13;\n\r\n\r\n&#13;\n<li>\u00b7 Oponerse al tratamiento de sus datos personales;<\/li>&#13;\n\r\n\r\n&#13;\n<li>\u00b7 Solicitar la transferencia de sus Datos Personales;<\/li>&#13;\n\r\n\r\n&#13;\n<li>Solicitar la transferencia de sus datos personales.<\/li>&#13;\n\r\n\r\n&#13;\n<li>Derecho a retirar el consentimiento (cuando nos basamos en su consentimiento para el tratamiento).<\/li>&#13;\n<\/ul>\r\n&#13;\n<p>Tenga en cuenta que algunos de estos derechos no son absolutos y que podemos rechazar una solicitud de ejercicio de determinados derechos, pero le mantendremos informado de las medidas que podemos tomar cuando presente su solicitud. Intentamos responder a todas las solicitudes leg\u00edtimas en el plazo de un mes, aunque le notificaremos si tardaremos m\u00e1s tiempo.<\/p>&#13;\n&#13;\n<p>Tiene derecho a presentar una reclamaci\u00f3n en cualquier momento ante la autoridad de control por cuestiones de protecci\u00f3n de datos. La lista de autoridades de control en el EEE est\u00e1 disponible aqu\u00ed: http:\/\/ec.europa.eu\/justice\/data-protection\/bodies\/authorities\/index_en.htm. <\/p>&#13;\n&#13;\n<p>Si se encuentra en el Reino Unido, tiene derecho a presentar una reclamaci\u00f3n en cualquier momento a la Oficina del Comisionado de Informaci\u00f3n, la autoridad supervisora del Reino Unido para cuestiones de protecci\u00f3n de datos (www.ico.org.uk). No obstante, le agradecer\u00edamos que nos diera la oportunidad de resolver sus dudas antes de dirigirse a la autoridad supervisora, por lo que le rogamos que se ponga en contacto con nosotros en primer lugar utilizando los datos de contacto que figuran a continuaci\u00f3n.<\/p>&#13;\n&#13;\n<h2 class=\"wp-block-heading\">\u00bfC\u00f3mo utiliza este sitio web las cookies?<sup> <\/sup><\/h2>&#13;\n&#13;\n<p>Como la mayor\u00eda de los sitios web, el Movimiento Laudato Si&#8217; puede colocar una \u00abcookie\u00bb, o peque\u00f1o archivo, en los archivos del navegador del ordenador del visitante. Algunas cookies se utilizan para rellenar formularios de manera que en las visitas repetidas al sitio web no sea necesario volver a introducir cierta informaci\u00f3n. Normalmente puede eliminar o rechazar las cookies a trav\u00e9s de la configuraci\u00f3n de su navegador. Para ello, siga las instrucciones de su navegador (normalmente en las opciones de \u00abconfiguraci\u00f3n\u00bb, \u00abayuda\u00bb, \u00abherramientas\u00bb o \u00abedici\u00f3n\u00bb). Muchos navegadores est\u00e1n configurados para aceptar cookies hasta que usted cambie su configuraci\u00f3n. Si no acepta las cookies, no tendr\u00e1 la ventaja de que ciertas secciones de los formularios se rellenen previamente para usted, y es posible que no pueda acceder a ciertas partes del sitio web.<\/p>&#13;\n&#13;\n<p>Puede encontrar m\u00e1s informaci\u00f3n sobre las cookies y c\u00f3mo gestionarlas en <a href=\"http:\/\/www.allaboutcookies.org\/\">www.allaboutcookies.org.<\/a> <\/p>&#13;\n&#13;\n<p>Nuestro sitio web utiliza los siguientes tipos de cookies para los fines que se indican a continuaci\u00f3n:<\/p>&#13;\n&#13;\n<figure class=\"wp-block-table\">&#13;\n<table>&#13;\n<tbody>&#13;\n<tr>&#13;\n<td><strong>Type of Cookie<\/strong><\/td>&#13;\n<td><strong>Finalidad<\/strong><\/td>&#13;\n<\/tr>&#13;\n<tr>&#13;\n<td><em>Galletas imprescindibles<\/em><\/td>&#13;\n<td>Estas cookies son esenciales para proporcionarle servicios en nuestro sitio web y para permitirle utilizar algunas de sus funciones. Sin estas cookies, es posible que no se puedan prestar los servicios de nuestro sitio web que usted solicita. S\u00f3lo utilizamos estas cookies para proporcionarle dichos servicios en nuestro sitio web.<\/td>&#13;\n<\/tr>&#13;\n<tr>&#13;\n<td><em>Cookies de funcionalidad<\/em><\/td>&#13;\n<td>Estas cookies nos permiten recordar las elecciones que usted hace cuando utiliza nuestros servicios en nuestro sitio web. La finalidad de estas cookies es ofrecerle una experiencia m\u00e1s personalizada y evitar que tenga que volver a seleccionar sus preferencias cada vez que utilice nuestros servicios en el Sitio Web.<\/td>&#13;\n<\/tr>&#13;\n<tr>&#13;\n<td><em>Cookies de An\u00e1lisis y Rendimiento<\/em><\/td>&#13;\n<td>Estas cookies se utilizan para recopilar informaci\u00f3n sobre el tr\u00e1fico de nuestros servicios y sobre c\u00f3mo los usuarios utilizan nuestros servicios en nuestro sitio web. La informaci\u00f3n recopilada puede incluir el n\u00famero de visitantes a nuestro sitio web, los sitios web que los remitieron a nosotros, las p\u00e1ginas que visitaron, la hora del d\u00eda en que lo visitaron, si han visitado nuestro sitio web anteriormente y otra informaci\u00f3n similar. Utilizamos esta informaci\u00f3n para ayudar a que los servicios de nuestro sitio web sean m\u00e1s eficientes, para recopilar informaci\u00f3n demogr\u00e1fica y para controlar el nivel de actividad en nuestro sitio web.<\/td>&#13;\n<\/tr>&#13;\n<\/tbody>&#13;\n<\/table>&#13;\n<\/figure>&#13;\n&#13;\n<p><br\/>Tambi\u00e9n podemos utilizar servicios de terceros, como Google Analytics. Esto nos ayuda a entender los patrones de tr\u00e1fico y saber si hay problemas con nuestro sitio web. Tambi\u00e9n podemos utilizar im\u00e1genes incrustadas en los correos electr\u00f3nicos para hacer un seguimiento de las tasas de apertura de nuestros correos, de modo que podamos saber qu\u00e9 correos atraen m\u00e1s a los seguidores del Movimiento Laudato Si&#8217;. Usted puede excluirse de las cookies de Google Analytics o de que su informaci\u00f3n sea enviada a terceros visitando la p\u00e1gina de exclusi\u00f3n de Google \u2013 <a href=\"https:\/\/tools.google.com\/dlpage\/gaoptout\">https:\/\/tools.google.com\/dlpage\/gaoptout?hl=es<\/a><\/p>&#13;\n&#13;\n<p><br\/>Otros terceros pueden enviar cookies a su dispositivo con el fin de rastrear sus comportamientos en l\u00ednea a lo largo del tiempo y en sitios web no afiliados. Usted tiene opciones sobre la informaci\u00f3n que terceros pueden recopilar sobre usted a trav\u00e9s de este sitio web.<\/p>&#13;\n&#13;\n<p><br\/><strong>Mecanismos \u201cDo Not Track\u201d (no rastrear)<\/strong><\/p>&#13;\n&#13;\n<p><br\/>Su navegador puede emitir una se\u00f1al \u00abDo-Not-Track (&#8216;DNT&#8217;)\u00bb, o un mecanismo similar para ejercer opciones sobre la recopilaci\u00f3n de informaci\u00f3n sobre sus actividades en l\u00ednea. Debido al estado cambiante de la tecnolog\u00eda, no garantizamos que se respeten las se\u00f1ales DNT o mecanismos similares en este momento.<\/p>&#13;\n&#13;\n<h2 class=\"wp-block-heading\">Enlaces a otros sitios web<\/h2>&#13;\n&#13;\n<p>Esta pol\u00edtica de privacidad se aplica \u00fanicamente a nuestro sitio web. El sitio web puede contener enlaces a otros sitios web, complementos y aplicaciones que no son operados o controlados por el Movimiento Laudato Si&#8217; (los \u00ab<strong>Sitios de Terceros<\/strong>\u00ab). Hacer clic en esos enlaces o habilitar esas conexiones puede permitir que los Sitios de Terceros recopilen o compartan datos sobre usted. Las pol\u00edticas y procedimientos que describimos aqu\u00ed no se aplican a los Sitios de Terceros. Los enlaces del sitio web no implican que el Movimiento Laudato Si&#8217; apruebe o haya revisado los Sitios de Terceros. Le recomendamos que se ponga en contacto directamente con esos sitios para obtener informaci\u00f3n sobre sus pol\u00edticas de privacidad.<\/p>&#13;\n&#13;\n<h2 class=\"wp-block-heading\">Actualizaci\u00f3n de la pol\u00edtica de privacidad<\/h2>&#13;\n&#13;\n<p>El Movimiento Laudato Si&#8217; puede modificar su pol\u00edtica de privacidad de vez en cuando. Si realizamos alg\u00fan cambio significativo en las normas que rigen este sitio web, o en la forma en que utilizamos sus Datos Personales, a\u00f1adiremos un aviso destacado en este sitio web. Por favor, revise esta Pol\u00edtica de Privacidad peri\u00f3dicamente, y especialmente antes de proporcionar cualquier Dato Personal. Esta Pol\u00edtica de Privacidad fue actualizada por \u00faltima vez en la fecha indicada anteriormente. El uso continuado del sitio web despu\u00e9s de cualquier cambio en la pol\u00edtica de privacidad indica que usted est\u00e1 de acuerdo con los t\u00e9rminos de la pol\u00edtica de privacidad modificada.<\/p>&#13;\n&#13;\n<h2 class=\"wp-block-heading\">T\u00e9rminos y condiciones<\/h2>&#13;\n&#13;\n<p>Su acceso y uso del Sitio Web est\u00e1 sujeto a las Condiciones de Servicio.<\/p>&#13;\n&#13;\n<h2 class=\"wp-block-heading\">Datos de contacto<\/h2>&#13;\n&#13;\n<p>Si tiene alguna pregunta sobre nuestras pol\u00edticas, sus datos personales o la protecci\u00f3n de datos en este sitio web, puede ponerse en contacto con nosotros.<\/p>&#13;\n&#13;\n<p><br\/><strong>Nuestros datos completos son:<\/strong><br\/>Movimiento Laudato Si\u2018<br\/>movie@laudatosimovement.org<\/p>&#13;\n&#13;\n<p>Nuestro representante en la UE es Tom\u00e1s Insua y puede ser contactado por correo electr\u00f3nico en LSM.eu.dataprivacy@catholicclimatemovement.global o por correo a la atenci\u00f3n de OCSIV Via S. Francesco de Sales, 18 Roma 00165 Italia. <\/p>&#13;\n&#13;\n<p>You may contact our Data Protection Officer by email at dataprivacy@catholicclimatemovement.global or by mail at 712 H St NE PMB 90321 Washington, DC 20002 USA<\/p>&#13;\n","protected":false},"excerpt":{"rendered":"<p>&#13; \u00a0 &#13; &#13; Fecha de entrada en vigor: 21 de septiembre de 2022 &#13; &#13; Este sitio web (el \u00absitio web\u00ab) es operado por el Movimiento Laudato Si&#8217; (el controlador de sus datos personales) (\u00abnosotros\u00ab, \u00abnos\u00bb y\/o \u00abnuestro\u00ab) y ha sido creado para compartir informaci\u00f3n sobre la pel\u00edcula La Carta y materiales para apoyar [&hellip;]<\/p>\n","protected":false},"author":1,"featured_media":0,"parent":0,"menu_order":0,"comment_status":"closed","ping_status":"open","template":"","meta":{"_et_pb_use_builder":"","_et_pb_old_content":"","_et_gb_content_width":"","footnotes":""},"class_list":["post-241444","page","type-page","status-publish","hentry"],"yoast_head":"<!-- This site is optimized with the Yoast SEO plugin v27.5 - https:\/\/yoast.com\/product\/yoast-seo-wordpress\/ -->\n<title>Pol\u00edtica de Privacidad - The Letter<\/title>\n<meta name=\"robots\" content=\"index, follow, max-snippet:-1, max-image-preview:large, max-video-preview:-1\" \/>\n<link rel=\"canonical\" href=\"https:\/\/theletterfilm.org\/es\/politica-de-privacidad\/\" \/>\n<meta property=\"og:locale\" content=\"es_ES\" \/>\n<meta property=\"og:type\" content=\"article\" \/>\n<meta property=\"og:title\" content=\"Pol\u00edtica de Privacidad - The Letter\" \/>\n<meta property=\"og:description\" content=\"&#013; \u00a0 &#013; &#013; Fecha de entrada en vigor: 21 de septiembre de 2022 &#013; &#013; Este sitio web (el \u00absitio web\u00ab) es operado por el Movimiento Laudato Si&#8217; (el controlador de sus datos personales) (\u00abnosotros\u00ab, \u00abnos\u00bb y\/o \u00abnuestro\u00ab) y ha sido creado para compartir informaci\u00f3n sobre la pel\u00edcula La Carta y materiales para apoyar [&hellip;]\" \/>\n<meta property=\"og:url\" content=\"https:\/\/theletterfilm.org\/es\/politica-de-privacidad\/\" \/>\n<meta property=\"og:site_name\" content=\"The Letter\" \/>\n<meta property=\"article:publisher\" content=\"https:\/\/www.facebook.com\/profile.php?id=100085611172060\" \/>\n<meta property=\"article:modified_time\" content=\"2022-12-19T16:18:04+00:00\" \/>\n<meta property=\"og:image\" content=\"https:\/\/theletterfilm.org\/wp-content\/uploads\/2022\/11\/the-letter-socialmedia-share.jpg\" \/>\n\t<meta property=\"og:image:width\" content=\"1200\" \/>\n\t<meta property=\"og:image:height\" content=\"630\" \/>\n\t<meta property=\"og:image:type\" content=\"image\/jpeg\" \/>\n<meta name=\"twitter:card\" content=\"summary_large_image\" \/>\n<meta name=\"twitter:label1\" content=\"Tiempo de lectura\" \/>\n\t<meta name=\"twitter:data1\" content=\"33 minutos\" \/>\n<script type=\"application\/ld+json\" class=\"yoast-schema-graph\">{\"@context\":\"https:\\\/\\\/schema.org\",\"@graph\":[{\"@type\":\"WebPage\",\"@id\":\"https:\\\/\\\/theletterfilm.org\\\/es\\\/politica-de-privacidad\\\/\",\"url\":\"https:\\\/\\\/theletterfilm.org\\\/es\\\/politica-de-privacidad\\\/\",\"name\":\"Pol\u00edtica de Privacidad - The Letter\",\"isPartOf\":{\"@id\":\"https:\\\/\\\/theletterfilm.org\\\/#website\"},\"datePublished\":\"2022-10-28T15:09:20+00:00\",\"dateModified\":\"2022-12-19T16:18:04+00:00\",\"breadcrumb\":{\"@id\":\"https:\\\/\\\/theletterfilm.org\\\/es\\\/politica-de-privacidad\\\/#breadcrumb\"},\"inLanguage\":\"es\",\"potentialAction\":[{\"@type\":\"ReadAction\",\"target\":[\"https:\\\/\\\/theletterfilm.org\\\/es\\\/politica-de-privacidad\\\/\"]}]},{\"@type\":\"BreadcrumbList\",\"@id\":\"https:\\\/\\\/theletterfilm.org\\\/es\\\/politica-de-privacidad\\\/#breadcrumb\",\"itemListElement\":[{\"@type\":\"ListItem\",\"position\":1,\"name\":\"Home\",\"item\":\"https:\\\/\\\/theletterfilm.org\\\/es\\\/\"},{\"@type\":\"ListItem\",\"position\":2,\"name\":\"Pol\u00edtica de Privacidad\"}]},{\"@type\":\"WebSite\",\"@id\":\"https:\\\/\\\/theletterfilm.org\\\/#website\",\"url\":\"https:\\\/\\\/theletterfilm.org\\\/\",\"name\":\"The Letter\",\"description\":\"Act Now\",\"publisher\":{\"@id\":\"https:\\\/\\\/theletterfilm.org\\\/#organization\"},\"potentialAction\":[{\"@type\":\"SearchAction\",\"target\":{\"@type\":\"EntryPoint\",\"urlTemplate\":\"https:\\\/\\\/theletterfilm.org\\\/?s={search_term_string}\"},\"query-input\":{\"@type\":\"PropertyValueSpecification\",\"valueRequired\":true,\"valueName\":\"search_term_string\"}}],\"inLanguage\":\"es\"},{\"@type\":\"Organization\",\"@id\":\"https:\\\/\\\/theletterfilm.org\\\/#organization\",\"name\":\"The Letter Film\",\"url\":\"https:\\\/\\\/theletterfilm.org\\\/\",\"logo\":{\"@type\":\"ImageObject\",\"inLanguage\":\"es\",\"@id\":\"https:\\\/\\\/theletterfilm.org\\\/#\\\/schema\\\/logo\\\/image\\\/\",\"url\":\"https:\\\/\\\/www1.theletterfilm.org\\\/wp-content\\\/uploads\\\/2020\\\/09\\\/EN_Letter0.png\",\"contentUrl\":\"https:\\\/\\\/www1.theletterfilm.org\\\/wp-content\\\/uploads\\\/2020\\\/09\\\/EN_Letter0.png\",\"width\":854,\"height\":214,\"caption\":\"The Letter Film\"},\"image\":{\"@id\":\"https:\\\/\\\/theletterfilm.org\\\/#\\\/schema\\\/logo\\\/image\\\/\"},\"sameAs\":[\"https:\\\/\\\/www.facebook.com\\\/profile.php?id=100085611172060\"]}]}<\/script>\n<!-- \/ Yoast SEO plugin. -->","yoast_head_json":{"title":"Pol\u00edtica de Privacidad - The Letter","robots":{"index":"index","follow":"follow","max-snippet":"max-snippet:-1","max-image-preview":"max-image-preview:large","max-video-preview":"max-video-preview:-1"},"canonical":"https:\/\/theletterfilm.org\/es\/politica-de-privacidad\/","og_locale":"es_ES","og_type":"article","og_title":"Pol\u00edtica de Privacidad - The Letter","og_description":"&#13; \u00a0 &#13; &#13; Fecha de entrada en vigor: 21 de septiembre de 2022 &#13; &#13; Este sitio web (el \u00absitio web\u00ab) es operado por el Movimiento Laudato Si&#8217; (el controlador de sus datos personales) (\u00abnosotros\u00ab, \u00abnos\u00bb y\/o \u00abnuestro\u00ab) y ha sido creado para compartir informaci\u00f3n sobre la pel\u00edcula La Carta y materiales para apoyar [&hellip;]","og_url":"https:\/\/theletterfilm.org\/es\/politica-de-privacidad\/","og_site_name":"The Letter","article_publisher":"https:\/\/www.facebook.com\/profile.php?id=100085611172060","article_modified_time":"2022-12-19T16:18:04+00:00","og_image":[{"width":1200,"height":630,"url":"https:\/\/theletterfilm.org\/wp-content\/uploads\/2022\/11\/the-letter-socialmedia-share.jpg","type":"image\/jpeg"}],"twitter_card":"summary_large_image","twitter_misc":{"Tiempo de lectura":"33 minutos"},"schema":{"@context":"https:\/\/schema.org","@graph":[{"@type":"WebPage","@id":"https:\/\/theletterfilm.org\/es\/politica-de-privacidad\/","url":"https:\/\/theletterfilm.org\/es\/politica-de-privacidad\/","name":"Pol\u00edtica de Privacidad - The Letter","isPartOf":{"@id":"https:\/\/theletterfilm.org\/#website"},"datePublished":"2022-10-28T15:09:20+00:00","dateModified":"2022-12-19T16:18:04+00:00","breadcrumb":{"@id":"https:\/\/theletterfilm.org\/es\/politica-de-privacidad\/#breadcrumb"},"inLanguage":"es","potentialAction":[{"@type":"ReadAction","target":["https:\/\/theletterfilm.org\/es\/politica-de-privacidad\/"]}]},{"@type":"BreadcrumbList","@id":"https:\/\/theletterfilm.org\/es\/politica-de-privacidad\/#breadcrumb","itemListElement":[{"@type":"ListItem","position":1,"name":"Home","item":"https:\/\/theletterfilm.org\/es\/"},{"@type":"ListItem","position":2,"name":"Pol\u00edtica de Privacidad"}]},{"@type":"WebSite","@id":"https:\/\/theletterfilm.org\/#website","url":"https:\/\/theletterfilm.org\/","name":"The Letter","description":"Act Now","publisher":{"@id":"https:\/\/theletterfilm.org\/#organization"},"potentialAction":[{"@type":"SearchAction","target":{"@type":"EntryPoint","urlTemplate":"https:\/\/theletterfilm.org\/?s={search_term_string}"},"query-input":{"@type":"PropertyValueSpecification","valueRequired":true,"valueName":"search_term_string"}}],"inLanguage":"es"},{"@type":"Organization","@id":"https:\/\/theletterfilm.org\/#organization","name":"The Letter Film","url":"https:\/\/theletterfilm.org\/","logo":{"@type":"ImageObject","inLanguage":"es","@id":"https:\/\/theletterfilm.org\/#\/schema\/logo\/image\/","url":"https:\/\/www1.theletterfilm.org\/wp-content\/uploads\/2020\/09\/EN_Letter0.png","contentUrl":"https:\/\/www1.theletterfilm.org\/wp-content\/uploads\/2020\/09\/EN_Letter0.png","width":854,"height":214,"caption":"The Letter Film"},"image":{"@id":"https:\/\/theletterfilm.org\/#\/schema\/logo\/image\/"},"sameAs":["https:\/\/www.facebook.com\/profile.php?id=100085611172060"]}]}},"_links":{"self":[{"href":"https:\/\/www1.theletterfilm.org\/es\/wp-json\/wp\/v2\/pages\/241444","targetHints":{"allow":["GET"]}}],"collection":[{"href":"https:\/\/www1.theletterfilm.org\/es\/wp-json\/wp\/v2\/pages"}],"about":[{"href":"https:\/\/www1.theletterfilm.org\/es\/wp-json\/wp\/v2\/types\/page"}],"author":[{"embeddable":true,"href":"https:\/\/www1.theletterfilm.org\/es\/wp-json\/wp\/v2\/users\/1"}],"replies":[{"embeddable":true,"href":"https:\/\/www1.theletterfilm.org\/es\/wp-json\/wp\/v2\/comments?post=241444"}],"version-history":[{"count":0,"href":"https:\/\/www1.theletterfilm.org\/es\/wp-json\/wp\/v2\/pages\/241444\/revisions"}],"wp:attachment":[{"href":"https:\/\/www1.theletterfilm.org\/es\/wp-json\/wp\/v2\/media?parent=241444"}],"curies":[{"name":"wp","href":"https:\/\/api.w.org\/{rel}","templated":true}]}}